{"id":1047,"date":"2023-08-29T08:15:49","date_gmt":"2023-08-29T08:15:49","guid":{"rendered":"https:\/\/retreatsvalencia.com\/inicio-english\/"},"modified":"2023-10-11T12:35:46","modified_gmt":"2023-10-11T12:35:46","slug":"inicio-english","status":"publish","type":"page","link":"https:\/\/retreatsvalencia.com\/es\/inicio-english\/","title":{"rendered":"Inicio &#8211; English"},"content":{"rendered":"\t\t<div data-elementor-type=\"wp-page\" data-elementor-id=\"1047\" class=\"elementor elementor-1047 elementor-907\" data-elementor-post-type=\"page\">\n\t\t\t\t\t\t<section class=\"elementor-section elementor-top-section elementor-element elementor-element-9c79cfb elementor-section-boxed elementor-section-height-default elementor-section-height-default\" data-id=\"9c79cfb\" data-element_type=\"section\">\n\t\t\t\t\t\t<div class=\"elementor-container elementor-column-gap-default\">\n\t\t\t\t\t<div class=\"elementor-column elementor-col-100 elementor-top-column elementor-element elementor-element-46c00e5\" data-id=\"46c00e5\" data-element_type=\"column\">\n\t\t\t<div class=\"elementor-widget-wrap elementor-element-populated\">\n\t\t\t\t\t\t<div class=\"elementor-element elementor-element-46770a1 elementor--h-position-center elementor--v-position-middle elementor-arrows-position-inside elementor-pagination-position-inside elementor-widget elementor-widget-slides\" data-id=\"46770a1\" data-element_type=\"widget\" data-settings=\"{&quot;navigation&quot;:&quot;both&quot;,&quot;autoplay&quot;:&quot;yes&quot;,&quot;pause_on_hover&quot;:&quot;yes&quot;,&quot;pause_on_interaction&quot;:&quot;yes&quot;,&quot;autoplay_speed&quot;:5000,&quot;infinite&quot;:&quot;yes&quot;,&quot;transition&quot;:&quot;slide&quot;,&quot;transition_speed&quot;:500}\" data-widget_type=\"slides.default\">\n\t\t\t\t<div class=\"elementor-widget-container\">\n\t\t\t\t\t\t\t<div class=\"elementor-swiper\">\n\t\t\t<div class=\"elementor-slides-wrapper elementor-main-swiper swiper-container\" dir=\"ltr\" data-animation=\"fadeInUp\">\n\t\t\t\t<div class=\"swiper-wrapper elementor-slides\">\n\t\t\t\t\t\t\t\t\t\t<div class=\"elementor-repeater-item-34be18f swiper-slide\"><div class=\"swiper-slide-bg\" role=\"img\"><\/div><a class=\"swiper-slide-inner\" href=\"https:\/\/vortexcoworking.es\/formulario-retreats\/\" target=\"_blank\"><div class=\"swiper-slide-contents\"><div class=\"elementor-slide-heading\">Retiros en Valencia<\/div><div  class=\"elementor-button elementor-slide-button elementor-size-sm\">Solicitar presupuesto<\/div><\/div><\/a><\/div>\t\t\t\t<\/div>\n\t\t\t\t\t\t\t<\/div>\n\t\t<\/div>\n\t\t\t\t\t\t<\/div>\n\t\t\t\t<\/div>\n\t\t\t\t\t<\/div>\n\t\t<\/div>\n\t\t\t\t\t<\/div>\n\t\t<\/section>\n\t\t\t\t<section class=\"elementor-section elementor-top-section elementor-element elementor-element-96c24cc elementor-section-boxed elementor-section-height-default elementor-section-height-default\" data-id=\"96c24cc\" data-element_type=\"section\">\n\t\t\t\t\t\t<div class=\"elementor-container elementor-column-gap-default\">\n\t\t\t\t\t<div class=\"elementor-column elementor-col-100 elementor-top-column elementor-element elementor-element-c99cc9e\" data-id=\"c99cc9e\" data-element_type=\"column\">\n\t\t\t<div class=\"elementor-widget-wrap elementor-element-populated\">\n\t\t\t\t\t\t<div class=\"elementor-element elementor-element-92ac83b elementor-widget elementor-widget-text-editor\" data-id=\"92ac83b\" data-element_type=\"widget\" data-widget_type=\"text-editor.default\">\n\t\t\t\t<div class=\"elementor-widget-container\">\n\t\t\t\t\t\t\t\t\t<p><strong>Experiencias profesionales<\/strong> fuera del entorno laboral para reforzar los v\u00ednculos entre empleados, equipos y con la cultura de la empresa.<\/p>\n<p><strong>Experiencias Work &amp; Play<\/strong> pensadas y dise\u00f1adas con mimo y detalle, en lugares y entornos inspiradores que dejar\u00e1n un recuerdo imborrable en el equipo.<\/p>\n<p><strong>Experiencias de creaci\u00f3n de equipos<\/strong> que proporcionan el tiempo y el espacio de calidad necesarios para mejorar la interacci\u00f3n y la comunicaci\u00f3n entre los compa\u00f1eros de trabajo y la vinculaci\u00f3n al prop\u00f3sito com\u00fan del equipo.<\/p>\n\t\t\t\t\t\t\t\t<\/div>\n\t\t\t\t<\/div>\n\t\t\t\t\t<\/div>\n\t\t<\/div>\n\t\t\t\t\t<\/div>\n\t\t<\/section>\n\t\t\t\t<section class=\"elementor-section elementor-top-section elementor-element elementor-element-ee4ab0e elementor-section-boxed elementor-section-height-default elementor-section-height-default\" data-id=\"ee4ab0e\" data-element_type=\"section\">\n\t\t\t\t\t\t<div class=\"elementor-container elementor-column-gap-default\">\n\t\t\t\t\t<div class=\"elementor-column elementor-col-100 elementor-top-column elementor-element elementor-element-5751dac\" data-id=\"5751dac\" data-element_type=\"column\">\n\t\t\t<div class=\"elementor-widget-wrap elementor-element-populated\">\n\t\t\t\t\t\t<div class=\"elementor-element elementor-element-128b9c4 elementor-widget elementor-widget-heading\" data-id=\"128b9c4\" data-element_type=\"widget\" data-settings=\"{&quot;_animation_mobile&quot;:&quot;fadeIn&quot;}\" data-widget_type=\"heading.default\">\n\t\t\t\t<div class=\"elementor-widget-container\">\n\t\t\t\t\t<h2 class=\"elementor-heading-title elementor-size-default\">  Beneficios del <i> retiro profesional<\/i> <\/h2>\t\t\t\t<\/div>\n\t\t\t\t<\/div>\n\t\t\t\t<section class=\"elementor-section elementor-inner-section elementor-element elementor-element-a677906 elementor-section-boxed elementor-section-height-default elementor-section-height-default\" data-id=\"a677906\" data-element_type=\"section\">\n\t\t\t\t\t\t<div class=\"elementor-container elementor-column-gap-default\">\n\t\t\t\t\t<div class=\"elementor-column elementor-col-33 elementor-inner-column elementor-element elementor-element-5b456d9\" data-id=\"5b456d9\" data-element_type=\"column\">\n\t\t\t<div class=\"elementor-widget-wrap elementor-element-populated\">\n\t\t\t\t\t\t<div class=\"elementor-element elementor-element-0c0e52c elementor-widget elementor-widget-image\" data-id=\"0c0e52c\" data-element_type=\"widget\" data-widget_type=\"image.default\">\n\t\t\t\t<div class=\"elementor-widget-container\">\n\t\t\t\t\t\t\t\t\t\t\t\t\t\t\t<img fetchpriority=\"high\" decoding=\"async\" width=\"667\" height=\"500\" src=\"https:\/\/retreatsvalencia.com\/wp-content\/uploads\/2023\/08\/1.webp\" class=\"attachment-large size-large wp-image-101\" alt=\"\" srcset=\"https:\/\/retreatsvalencia.com\/wp-content\/uploads\/2023\/08\/1.webp 667w, https:\/\/retreatsvalencia.com\/wp-content\/uploads\/2023\/08\/1-300x225.webp 300w, https:\/\/retreatsvalencia.com\/wp-content\/uploads\/2023\/08\/1-450x337.webp 450w\" sizes=\"(max-width: 667px) 100vw, 667px\" \/>\t\t\t\t\t\t\t\t\t\t\t\t\t\t\t<\/div>\n\t\t\t\t<\/div>\n\t\t\t\t\t<\/div>\n\t\t<\/div>\n\t\t\t\t<div class=\"elementor-column elementor-col-33 elementor-inner-column elementor-element elementor-element-e182eca\" data-id=\"e182eca\" data-element_type=\"column\">\n\t\t\t<div class=\"elementor-widget-wrap elementor-element-populated\">\n\t\t\t\t\t\t<div class=\"elementor-element elementor-element-66adee4 elementor-widget elementor-widget-image\" data-id=\"66adee4\" data-element_type=\"widget\" data-widget_type=\"image.default\">\n\t\t\t\t<div class=\"elementor-widget-container\">\n\t\t\t\t\t\t\t\t\t\t\t\t\t\t\t<img decoding=\"async\" width=\"667\" height=\"500\" src=\"https:\/\/retreatsvalencia.com\/wp-content\/uploads\/2023\/08\/Workshop-Vortex-Coworking-Centro.webp\" class=\"attachment-large size-large wp-image-100\" alt=\"\" srcset=\"https:\/\/retreatsvalencia.com\/wp-content\/uploads\/2023\/08\/Workshop-Vortex-Coworking-Centro.webp 667w, https:\/\/retreatsvalencia.com\/wp-content\/uploads\/2023\/08\/Workshop-Vortex-Coworking-Centro-300x225.webp 300w, https:\/\/retreatsvalencia.com\/wp-content\/uploads\/2023\/08\/Workshop-Vortex-Coworking-Centro-450x337.webp 450w\" sizes=\"(max-width: 667px) 100vw, 667px\" \/>\t\t\t\t\t\t\t\t\t\t\t\t\t\t\t<\/div>\n\t\t\t\t<\/div>\n\t\t\t\t\t<\/div>\n\t\t<\/div>\n\t\t\t\t<div class=\"elementor-column elementor-col-33 elementor-inner-column elementor-element elementor-element-e0f198e\" data-id=\"e0f198e\" data-element_type=\"column\">\n\t\t\t<div class=\"elementor-widget-wrap elementor-element-populated\">\n\t\t\t\t\t\t<div class=\"elementor-element elementor-element-78cb2ccc elementor-widget elementor-widget-image\" data-id=\"78cb2ccc\" data-element_type=\"widget\" data-widget_type=\"image.default\">\n\t\t\t\t<div class=\"elementor-widget-container\">\n\t\t\t\t\t\t\t\t\t\t\t\t\t\t\t<img decoding=\"async\" width=\"667\" height=\"500\" src=\"https:\/\/retreatsvalencia.com\/wp-content\/uploads\/2023\/09\/Diseno-sin-titulo-14.png.webp\" class=\"attachment-large size-large wp-image-594\" alt=\"\" srcset=\"https:\/\/retreatsvalencia.com\/wp-content\/uploads\/2023\/09\/Diseno-sin-titulo-14.png.webp 667w, https:\/\/retreatsvalencia.com\/wp-content\/uploads\/2023\/09\/Diseno-sin-titulo-14.png-300x225.webp 300w, https:\/\/retreatsvalencia.com\/wp-content\/uploads\/2023\/09\/Diseno-sin-titulo-14.png-450x337.webp 450w\" sizes=\"(max-width: 667px) 100vw, 667px\" \/>\t\t\t\t\t\t\t\t\t\t\t\t\t\t\t<\/div>\n\t\t\t\t<\/div>\n\t\t\t\t\t<\/div>\n\t\t<\/div>\n\t\t\t\t\t<\/div>\n\t\t<\/section>\n\t\t\t\t<div class=\"elementor-element elementor-element-dff9eac elementor-align-center elementor-icon-list--layout-traditional elementor-list-item-link-full_width elementor-widget elementor-widget-icon-list\" data-id=\"dff9eac\" data-element_type=\"widget\" data-widget_type=\"icon-list.default\">\n\t\t\t\t<div class=\"elementor-widget-container\">\n\t\t\t\t\t\t\t<ul class=\"elementor-icon-list-items\">\n\t\t\t\t\t\t\t<li class=\"elementor-icon-list-item\">\n\t\t\t\t\t\t\t\t\t\t\t<span class=\"elementor-icon-list-icon\">\n\t\t\t\t\t\t\t<i aria-hidden=\"true\" class=\"fas fa-check\"><\/i>\t\t\t\t\t\t<\/span>\n\t\t\t\t\t\t\t\t\t\t<span class=\"elementor-icon-list-text\">  Potencia la creatividad y el pensamiento innovador cambiando la rutina diaria por un escenario y una configuraci\u00f3n nuevos e inspiradores.<\/span>\n\t\t\t\t\t\t\t\t\t<\/li>\n\t\t\t\t\t\t\t\t<li class=\"elementor-icon-list-item\">\n\t\t\t\t\t\t\t\t\t\t\t<span class=\"elementor-icon-list-icon\">\n\t\t\t\t\t\t\t<i aria-hidden=\"true\" class=\"fas fa-check\"><\/i>\t\t\t\t\t\t<\/span>\n\t\t\t\t\t\t\t\t\t\t<span class=\"elementor-icon-list-text\">Perspectiva para ver el panorama completo, lo que permite tomar decisiones empresariales importantes y globales.<\/span>\n\t\t\t\t\t\t\t\t\t<\/li>\n\t\t\t\t\t\t\t\t<li class=\"elementor-icon-list-item\">\n\t\t\t\t\t\t\t\t\t\t\t<span class=\"elementor-icon-list-icon\">\n\t\t\t\t\t\t\t<i aria-hidden=\"true\" class=\"fas fa-check\"><\/i>\t\t\t\t\t\t<\/span>\n\t\t\t\t\t\t\t\t\t\t<span class=\"elementor-icon-list-text\">Mejora la din\u00e1mica de grupo y de equipo y aumenta la motivaci\u00f3n<\/span>\n\t\t\t\t\t\t\t\t\t<\/li>\n\t\t\t\t\t\t\t\t<li class=\"elementor-icon-list-item\">\n\t\t\t\t\t\t\t\t\t\t\t<span class=\"elementor-icon-list-icon\">\n\t\t\t\t\t\t\t<i aria-hidden=\"true\" class=\"fas fa-check\"><\/i>\t\t\t\t\t\t<\/span>\n\t\t\t\t\t\t\t\t\t\t<span class=\"elementor-icon-list-text\">Muestra aprecio por los empleados y socios<\/span>\n\t\t\t\t\t\t\t\t\t<\/li>\n\t\t\t\t\t\t\t\t<li class=\"elementor-icon-list-item\">\n\t\t\t\t\t\t\t\t\t\t\t<span class=\"elementor-icon-list-icon\">\n\t\t\t\t\t\t\t<i aria-hidden=\"true\" class=\"fas fa-check\"><\/i>\t\t\t\t\t\t<\/span>\n\t\t\t\t\t\t\t\t\t\t<span class=\"elementor-icon-list-text\">Crea v\u00ednculos y fomenta el esp\u00edritu de equipo<\/span>\n\t\t\t\t\t\t\t\t\t<\/li>\n\t\t\t\t\t\t\t\t<li class=\"elementor-icon-list-item\">\n\t\t\t\t\t\t\t\t\t\t\t<span class=\"elementor-icon-list-icon\">\n\t\t\t\t\t\t\t<i aria-hidden=\"true\" class=\"fas fa-check\"><\/i>\t\t\t\t\t\t<\/span>\n\t\t\t\t\t\t\t\t\t\t<span class=\"elementor-icon-list-text\">Muchos muchos m\u00e1s...<\/span>\n\t\t\t\t\t\t\t\t\t<\/li>\n\t\t\t\t\t\t<\/ul>\n\t\t\t\t\t\t<\/div>\n\t\t\t\t<\/div>\n\t\t\t\t\t<\/div>\n\t\t<\/div>\n\t\t\t\t\t<\/div>\n\t\t<\/section>\n\t\t\t\t<section class=\"elementor-section elementor-top-section elementor-element elementor-element-546ae55 elementor-section-boxed elementor-section-height-default elementor-section-height-default\" data-id=\"546ae55\" data-element_type=\"section\">\n\t\t\t\t\t\t<div class=\"elementor-container elementor-column-gap-default\">\n\t\t\t\t\t<div class=\"elementor-column elementor-col-100 elementor-top-column elementor-element elementor-element-cc90578\" data-id=\"cc90578\" data-element_type=\"column\">\n\t\t\t<div class=\"elementor-widget-wrap elementor-element-populated\">\n\t\t\t\t\t\t<div class=\"elementor-element elementor-element-307ec35 elementor-widget elementor-widget-heading\" data-id=\"307ec35\" data-element_type=\"widget\" data-settings=\"{&quot;_animation_mobile&quot;:&quot;fadeIn&quot;}\" data-widget_type=\"heading.default\">\n\t\t\t\t<div class=\"elementor-widget-container\">\n\t\t\t\t\t<h2 class=\"elementor-heading-title elementor-size-default\"><i>Retiros de empresa<\/i> Objetivos<\/h2>\t\t\t\t<\/div>\n\t\t\t\t<\/div>\n\t\t\t\t<section class=\"elementor-section elementor-inner-section elementor-element elementor-element-f011981 elementor-section-boxed elementor-section-height-default elementor-section-height-default\" data-id=\"f011981\" data-element_type=\"section\">\n\t\t\t\t\t\t<div class=\"elementor-container elementor-column-gap-default\">\n\t\t\t\t\t<div class=\"elementor-column elementor-col-33 elementor-inner-column elementor-element elementor-element-0d7282c\" data-id=\"0d7282c\" data-element_type=\"column\">\n\t\t\t<div class=\"elementor-widget-wrap elementor-element-populated\">\n\t\t\t\t\t\t<div class=\"elementor-element elementor-element-f5ad23c elementor-widget elementor-widget-image\" data-id=\"f5ad23c\" data-element_type=\"widget\" data-widget_type=\"image.default\">\n\t\t\t\t<div class=\"elementor-widget-container\">\n\t\t\t\t\t\t\t\t\t\t\t\t\t\t\t<img loading=\"lazy\" decoding=\"async\" width=\"667\" height=\"500\" src=\"https:\/\/retreatsvalencia.com\/wp-content\/uploads\/2023\/09\/3.png.webp\" class=\"attachment-large size-large wp-image-598\" alt=\"\" srcset=\"https:\/\/retreatsvalencia.com\/wp-content\/uploads\/2023\/09\/3.png.webp 667w, https:\/\/retreatsvalencia.com\/wp-content\/uploads\/2023\/09\/3.png-300x225.webp 300w, https:\/\/retreatsvalencia.com\/wp-content\/uploads\/2023\/09\/3.png-450x337.webp 450w\" sizes=\"(max-width: 667px) 100vw, 667px\" \/>\t\t\t\t\t\t\t\t\t\t\t\t\t\t\t<\/div>\n\t\t\t\t<\/div>\n\t\t\t\t\t<\/div>\n\t\t<\/div>\n\t\t\t\t<div class=\"elementor-column elementor-col-33 elementor-inner-column elementor-element elementor-element-5b0be74\" data-id=\"5b0be74\" data-element_type=\"column\">\n\t\t\t<div class=\"elementor-widget-wrap elementor-element-populated\">\n\t\t\t\t\t\t<div class=\"elementor-element elementor-element-ec58b28 elementor-widget elementor-widget-image\" data-id=\"ec58b28\" data-element_type=\"widget\" data-widget_type=\"image.default\">\n\t\t\t\t<div class=\"elementor-widget-container\">\n\t\t\t\t\t\t\t\t\t\t\t\t\t\t\t<img loading=\"lazy\" decoding=\"async\" width=\"667\" height=\"500\" src=\"https:\/\/retreatsvalencia.com\/wp-content\/uploads\/2023\/08\/Diseno-sin-titulo-13.webp\" class=\"attachment-large size-large wp-image-127\" alt=\"\" srcset=\"https:\/\/retreatsvalencia.com\/wp-content\/uploads\/2023\/08\/Diseno-sin-titulo-13.webp 667w, https:\/\/retreatsvalencia.com\/wp-content\/uploads\/2023\/08\/Diseno-sin-titulo-13-300x225.webp 300w, https:\/\/retreatsvalencia.com\/wp-content\/uploads\/2023\/08\/Diseno-sin-titulo-13-450x337.webp 450w\" sizes=\"(max-width: 667px) 100vw, 667px\" \/>\t\t\t\t\t\t\t\t\t\t\t\t\t\t\t<\/div>\n\t\t\t\t<\/div>\n\t\t\t\t\t<\/div>\n\t\t<\/div>\n\t\t\t\t<div class=\"elementor-column elementor-col-33 elementor-inner-column elementor-element elementor-element-021e976\" data-id=\"021e976\" data-element_type=\"column\">\n\t\t\t<div class=\"elementor-widget-wrap elementor-element-populated\">\n\t\t\t\t\t\t<div class=\"elementor-element elementor-element-5f0bcb6 elementor-widget elementor-widget-image\" data-id=\"5f0bcb6\" data-element_type=\"widget\" data-widget_type=\"image.default\">\n\t\t\t\t<div class=\"elementor-widget-container\">\n\t\t\t\t\t\t\t\t\t\t\t\t\t\t\t<img loading=\"lazy\" decoding=\"async\" width=\"667\" height=\"500\" src=\"https:\/\/retreatsvalencia.com\/wp-content\/uploads\/2023\/08\/Retreat-Vortex-Coworking.webp\" class=\"attachment-large size-large wp-image-128\" alt=\"\" srcset=\"https:\/\/retreatsvalencia.com\/wp-content\/uploads\/2023\/08\/Retreat-Vortex-Coworking.webp 667w, https:\/\/retreatsvalencia.com\/wp-content\/uploads\/2023\/08\/Retreat-Vortex-Coworking-300x225.webp 300w, https:\/\/retreatsvalencia.com\/wp-content\/uploads\/2023\/08\/Retreat-Vortex-Coworking-450x337.webp 450w\" sizes=\"(max-width: 667px) 100vw, 667px\" \/>\t\t\t\t\t\t\t\t\t\t\t\t\t\t\t<\/div>\n\t\t\t\t<\/div>\n\t\t\t\t\t<\/div>\n\t\t<\/div>\n\t\t\t\t\t<\/div>\n\t\t<\/section>\n\t\t\t\t<div class=\"elementor-element elementor-element-cc56131 elementor-align-center elementor-icon-list--layout-traditional elementor-list-item-link-full_width elementor-widget elementor-widget-icon-list\" data-id=\"cc56131\" data-element_type=\"widget\" data-widget_type=\"icon-list.default\">\n\t\t\t\t<div class=\"elementor-widget-container\">\n\t\t\t\t\t\t\t<ul class=\"elementor-icon-list-items\">\n\t\t\t\t\t\t\t<li class=\"elementor-icon-list-item\">\n\t\t\t\t\t\t\t\t\t\t\t<span class=\"elementor-icon-list-icon\">\n\t\t\t\t\t\t\t<i aria-hidden=\"true\" class=\"fas fa-check\"><\/i>\t\t\t\t\t\t<\/span>\n\t\t\t\t\t\t\t\t\t\t<span class=\"elementor-icon-list-text\">Creaci\u00f3n de equipos: unir y estrechar los lazos entre los empleados. Entre ellos y con la cultura de empresa<\/span>\n\t\t\t\t\t\t\t\t\t<\/li>\n\t\t\t\t\t\t\t\t<li class=\"elementor-icon-list-item\">\n\t\t\t\t\t\t\t\t\t\t\t<span class=\"elementor-icon-list-icon\">\n\t\t\t\t\t\t\t<i aria-hidden=\"true\" class=\"fas fa-check\"><\/i>\t\t\t\t\t\t<\/span>\n\t\t\t\t\t\t\t\t\t\t<span class=\"elementor-icon-list-text\">Lluvia de ideas: nuevo producto, estrategia de marketing para el pr\u00f3ximo a\u00f1o, mejoras en la gesti\u00f3n<\/span>\n\t\t\t\t\t\t\t\t\t<\/li>\n\t\t\t\t\t\t\t\t<li class=\"elementor-icon-list-item\">\n\t\t\t\t\t\t\t\t\t\t\t<span class=\"elementor-icon-list-icon\">\n\t\t\t\t\t\t\t<i aria-hidden=\"true\" class=\"fas fa-check\"><\/i>\t\t\t\t\t\t<\/span>\n\t\t\t\t\t\t\t\t\t\t<span class=\"elementor-icon-list-text\">Organizaci\u00f3n: definir la estrategia y los objetivos del pr\u00f3ximo a\u00f1o, redise\u00f1ar los procesos internos.<\/span>\n\t\t\t\t\t\t\t\t\t<\/li>\n\t\t\t\t\t\t\t\t<li class=\"elementor-icon-list-item\">\n\t\t\t\t\t\t\t\t\t\t\t<span class=\"elementor-icon-list-icon\">\n\t\t\t\t\t\t\t<i aria-hidden=\"true\" class=\"fas fa-check\"><\/i>\t\t\t\t\t\t<\/span>\n\t\t\t\t\t\t\t\t\t\t<span class=\"elementor-icon-list-text\">Cultura: transmitir su misi\u00f3n y sus valores, incorporar nuevos empleados<\/span>\n\t\t\t\t\t\t\t\t\t<\/li>\n\t\t\t\t\t\t\t\t<li class=\"elementor-icon-list-item\">\n\t\t\t\t\t\t\t\t\t\t\t<span class=\"elementor-icon-list-icon\">\n\t\t\t\t\t\t\t<i aria-hidden=\"true\" class=\"fas fa-check\"><\/i>\t\t\t\t\t\t<\/span>\n\t\t\t\t\t\t\t\t\t\t<span class=\"elementor-icon-list-text\">Celebraci\u00f3n: resultados del ejercicio, ronda de captaci\u00f3n de fondos, lanzamiento de productos<\/span>\n\t\t\t\t\t\t\t\t\t<\/li>\n\t\t\t\t\t\t\t\t<li class=\"elementor-icon-list-item\">\n\t\t\t\t\t\t\t\t\t\t\t<span class=\"elementor-icon-list-icon\">\n\t\t\t\t\t\t\t<i aria-hidden=\"true\" class=\"fas fa-check\"><\/i>\t\t\t\t\t\t<\/span>\n\t\t\t\t\t\t\t\t\t\t<span class=\"elementor-icon-list-text\">Presentaci\u00f3n: resultados de fin de a\u00f1o, objetivos globales para el a\u00f1o pr\u00f3ximo<\/span>\n\t\t\t\t\t\t\t\t\t<\/li>\n\t\t\t\t\t\t\t\t<li class=\"elementor-icon-list-item\">\n\t\t\t\t\t\t\t\t\t\t\t<span class=\"elementor-icon-list-icon\">\n\t\t\t\t\t\t\t<i aria-hidden=\"true\" class=\"fas fa-check\"><\/i>\t\t\t\t\t\t<\/span>\n\t\t\t\t\t\t\t\t\t\t<span class=\"elementor-icon-list-text\">Enfoque: hackathon, innovaci\u00f3n o sprint de dise\u00f1o<\/span>\n\t\t\t\t\t\t\t\t\t<\/li>\n\t\t\t\t\t\t<\/ul>\n\t\t\t\t\t\t<\/div>\n\t\t\t\t<\/div>\n\t\t\t\t\t<\/div>\n\t\t<\/div>\n\t\t\t\t\t<\/div>\n\t\t<\/section>\n\t\t\t\t<section class=\"elementor-section elementor-top-section elementor-element elementor-element-01ee234 elementor-section-boxed elementor-section-height-default elementor-section-height-default\" data-id=\"01ee234\" data-element_type=\"section\">\n\t\t\t\t\t\t<div class=\"elementor-container elementor-column-gap-default\">\n\t\t\t\t\t<div class=\"elementor-column elementor-col-100 elementor-top-column elementor-element elementor-element-16b5390\" data-id=\"16b5390\" data-element_type=\"column\">\n\t\t\t<div class=\"elementor-widget-wrap elementor-element-populated\">\n\t\t\t\t\t\t<div class=\"elementor-element elementor-element-c4ac79a elementor-widget elementor-widget-heading\" data-id=\"c4ac79a\" data-element_type=\"widget\" data-settings=\"{&quot;_animation_mobile&quot;:&quot;fadeIn&quot;}\" data-widget_type=\"heading.default\">\n\t\t\t\t<div class=\"elementor-widget-container\">\n\t\t\t\t\t<h2 class=\"elementor-heading-title elementor-size-default\">Por qu\u00e9 elegir Vortex:<i> Retiros personalizados<\/i><\/h2>\t\t\t\t<\/div>\n\t\t\t\t<\/div>\n\t\t\t\t<section class=\"elementor-section elementor-inner-section elementor-element elementor-element-8aa80cb elementor-section-boxed elementor-section-height-default elementor-section-height-default\" data-id=\"8aa80cb\" data-element_type=\"section\">\n\t\t\t\t\t\t<div class=\"elementor-container elementor-column-gap-default\">\n\t\t\t\t\t<div class=\"elementor-column elementor-col-33 elementor-inner-column elementor-element elementor-element-ed5cd34\" data-id=\"ed5cd34\" data-element_type=\"column\">\n\t\t\t<div class=\"elementor-widget-wrap elementor-element-populated\">\n\t\t\t\t\t\t<div class=\"elementor-element elementor-element-babc5fb elementor-widget elementor-widget-image\" data-id=\"babc5fb\" data-element_type=\"widget\" data-widget_type=\"image.default\">\n\t\t\t\t<div class=\"elementor-widget-container\">\n\t\t\t\t\t\t\t\t\t\t\t\t\t\t\t<img loading=\"lazy\" decoding=\"async\" width=\"500\" height=\"375\" src=\"https:\/\/retreatsvalencia.com\/wp-content\/uploads\/2023\/09\/Vortex-Centro-Open-area.jpg.webp\" class=\"attachment-large size-large wp-image-602\" alt=\"\" srcset=\"https:\/\/retreatsvalencia.com\/wp-content\/uploads\/2023\/09\/Vortex-Centro-Open-area.jpg.webp 500w, https:\/\/retreatsvalencia.com\/wp-content\/uploads\/2023\/09\/Vortex-Centro-Open-area.jpg-300x225.webp 300w, https:\/\/retreatsvalencia.com\/wp-content\/uploads\/2023\/09\/Vortex-Centro-Open-area.jpg-450x338.webp 450w\" sizes=\"(max-width: 500px) 100vw, 500px\" \/>\t\t\t\t\t\t\t\t\t\t\t\t\t\t\t<\/div>\n\t\t\t\t<\/div>\n\t\t\t\t\t<\/div>\n\t\t<\/div>\n\t\t\t\t<div class=\"elementor-column elementor-col-33 elementor-inner-column elementor-element elementor-element-18d5569\" data-id=\"18d5569\" data-element_type=\"column\">\n\t\t\t<div class=\"elementor-widget-wrap elementor-element-populated\">\n\t\t\t\t\t\t<div class=\"elementor-element elementor-element-14af756 elementor-widget elementor-widget-image\" data-id=\"14af756\" data-element_type=\"widget\" data-widget_type=\"image.default\">\n\t\t\t\t<div class=\"elementor-widget-container\">\n\t\t\t\t\t\t\t\t\t\t\t\t\t\t\t<img loading=\"lazy\" decoding=\"async\" width=\"500\" height=\"375\" src=\"https:\/\/retreatsvalencia.com\/wp-content\/uploads\/2023\/09\/Comunidad-Vortex-Coworking-Web.png.webp\" class=\"attachment-large size-large wp-image-603\" alt=\"\" srcset=\"https:\/\/retreatsvalencia.com\/wp-content\/uploads\/2023\/09\/Comunidad-Vortex-Coworking-Web.png.webp 500w, https:\/\/retreatsvalencia.com\/wp-content\/uploads\/2023\/09\/Comunidad-Vortex-Coworking-Web.png-300x225.webp 300w, https:\/\/retreatsvalencia.com\/wp-content\/uploads\/2023\/09\/Comunidad-Vortex-Coworking-Web.png-450x338.webp 450w\" sizes=\"(max-width: 500px) 100vw, 500px\" \/>\t\t\t\t\t\t\t\t\t\t\t\t\t\t\t<\/div>\n\t\t\t\t<\/div>\n\t\t\t\t\t<\/div>\n\t\t<\/div>\n\t\t\t\t<div class=\"elementor-column elementor-col-33 elementor-inner-column elementor-element elementor-element-a731e55\" data-id=\"a731e55\" data-element_type=\"column\">\n\t\t\t<div class=\"elementor-widget-wrap elementor-element-populated\">\n\t\t\t\t\t\t<div class=\"elementor-element elementor-element-4d14eff elementor-widget elementor-widget-image\" data-id=\"4d14eff\" data-element_type=\"widget\" data-widget_type=\"image.default\">\n\t\t\t\t<div class=\"elementor-widget-container\">\n\t\t\t\t\t\t\t\t\t\t\t\t\t\t\t<img loading=\"lazy\" decoding=\"async\" width=\"667\" height=\"500\" src=\"https:\/\/retreatsvalencia.com\/wp-content\/uploads\/2023\/08\/Vortex-Coworking-Playa-Retreats-1-1.webp\" class=\"attachment-large size-large wp-image-135\" alt=\"\" srcset=\"https:\/\/retreatsvalencia.com\/wp-content\/uploads\/2023\/08\/Vortex-Coworking-Playa-Retreats-1-1.webp 667w, https:\/\/retreatsvalencia.com\/wp-content\/uploads\/2023\/08\/Vortex-Coworking-Playa-Retreats-1-1-300x225.webp 300w, https:\/\/retreatsvalencia.com\/wp-content\/uploads\/2023\/08\/Vortex-Coworking-Playa-Retreats-1-1-450x337.webp 450w\" sizes=\"(max-width: 667px) 100vw, 667px\" \/>\t\t\t\t\t\t\t\t\t\t\t\t\t\t\t<\/div>\n\t\t\t\t<\/div>\n\t\t\t\t\t<\/div>\n\t\t<\/div>\n\t\t\t\t\t<\/div>\n\t\t<\/section>\n\t\t\t\t<div class=\"elementor-element elementor-element-9247dbe elementor-align-center elementor-icon-list--layout-traditional elementor-list-item-link-full_width elementor-widget elementor-widget-icon-list\" data-id=\"9247dbe\" data-element_type=\"widget\" data-widget_type=\"icon-list.default\">\n\t\t\t\t<div class=\"elementor-widget-container\">\n\t\t\t\t\t\t\t<ul class=\"elementor-icon-list-items\">\n\t\t\t\t\t\t\t<li class=\"elementor-icon-list-item\">\n\t\t\t\t\t\t\t\t\t\t\t<span class=\"elementor-icon-list-icon\">\n\t\t\t\t\t\t\t<i aria-hidden=\"true\" class=\"fas fa-check\"><\/i>\t\t\t\t\t\t<\/span>\n\t\t\t\t\t\t\t\t\t\t<span class=\"elementor-icon-list-text\">Gama de servicios que puede cubrir otros servicios adicionales que pueda necesitar: gu\u00edas locales en distintos idiomas, entrenadores profesionales, etc.<\/span>\n\t\t\t\t\t\t\t\t\t<\/li>\n\t\t\t\t\t\t\t\t<li class=\"elementor-icon-list-item\">\n\t\t\t\t\t\t\t\t\t\t\t<span class=\"elementor-icon-list-icon\">\n\t\t\t\t\t\t\t<i aria-hidden=\"true\" class=\"fas fa-check\"><\/i>\t\t\t\t\t\t<\/span>\n\t\t\t\t\t\t\t\t\t\t<span class=\"elementor-icon-list-text\">Ahorre tiempo y recursos dejando la log\u00edstica en manos de los expertos para que pueda centrarse en el contenido de valor del evento<\/span>\n\t\t\t\t\t\t\t\t\t<\/li>\n\t\t\t\t\t\t\t\t<li class=\"elementor-icon-list-item\">\n\t\t\t\t\t\t\t\t\t\t\t<span class=\"elementor-icon-list-icon\">\n\t\t\t\t\t\t\t<i aria-hidden=\"true\" class=\"fas fa-check\"><\/i>\t\t\t\t\t\t<\/span>\n\t\t\t\t\t\t\t\t\t\t<span class=\"elementor-icon-list-text\">Tenemos una gran experiencia, y sobre una base diaria para la hermosa comunidad que trabaja desde nuestros espacios de trabajo<\/span>\n\t\t\t\t\t\t\t\t\t<\/li>\n\t\t\t\t\t\t\t\t<li class=\"elementor-icon-list-item\">\n\t\t\t\t\t\t\t\t\t\t\t<span class=\"elementor-icon-list-icon\">\n\t\t\t\t\t\t\t<i aria-hidden=\"true\" class=\"fas fa-check\"><\/i>\t\t\t\t\t\t<\/span>\n\t\t\t\t\t\t\t\t\t\t<span class=\"elementor-icon-list-text\">  Trayendo experiencias \u00e9picas y \u00fanicas en Valencia que nosotros, expertos locales, conocemos bien<\/span>\n\t\t\t\t\t\t\t\t\t<\/li>\n\t\t\t\t\t\t\t\t<li class=\"elementor-icon-list-item\">\n\t\t\t\t\t\t\t\t\t\t\t<span class=\"elementor-icon-list-icon\">\n\t\t\t\t\t\t\t<i aria-hidden=\"true\" class=\"fas fa-check\"><\/i>\t\t\t\t\t\t<\/span>\n\t\t\t\t\t\t\t\t\t\t<span class=\"elementor-icon-list-text\">La comunidad y el trabajo en equipo son nuestro ADN<\/span>\n\t\t\t\t\t\t\t\t\t<\/li>\n\t\t\t\t\t\t<\/ul>\n\t\t\t\t\t\t<\/div>\n\t\t\t\t<\/div>\n\t\t\t\t\t<\/div>\n\t\t<\/div>\n\t\t\t\t\t<\/div>\n\t\t<\/section>\n\t\t\t\t<section class=\"elementor-section elementor-top-section elementor-element elementor-element-37aba06 elementor-section-boxed elementor-section-height-default elementor-section-height-default\" data-id=\"37aba06\" data-element_type=\"section\">\n\t\t\t\t\t\t<div class=\"elementor-container elementor-column-gap-default\">\n\t\t\t\t\t<div class=\"elementor-column elementor-col-100 elementor-top-column elementor-element elementor-element-8a62ba8\" data-id=\"8a62ba8\" data-element_type=\"column\">\n\t\t\t<div class=\"elementor-widget-wrap elementor-element-populated\">\n\t\t\t\t\t\t<div class=\"elementor-element elementor-element-3c4b008 elementor-widget elementor-widget-heading\" data-id=\"3c4b008\" data-element_type=\"widget\" data-settings=\"{&quot;_animation_mobile&quot;:&quot;fadeIn&quot;}\" data-widget_type=\"heading.default\">\n\t\t\t\t<div class=\"elementor-widget-container\">\n\t\t\t\t\t<h2 class=\"elementor-heading-title elementor-size-default\"><i>Retiros profesionales<\/i> de Vortex<\/h2>\t\t\t\t<\/div>\n\t\t\t\t<\/div>\n\t\t\t\t<section class=\"elementor-section elementor-inner-section elementor-element elementor-element-cfb570f elementor-section-boxed elementor-section-height-default elementor-section-height-default\" data-id=\"cfb570f\" data-element_type=\"section\">\n\t\t\t\t\t\t<div class=\"elementor-container elementor-column-gap-default\">\n\t\t\t\t\t<div class=\"elementor-column elementor-col-33 elementor-inner-column elementor-element elementor-element-5128214\" data-id=\"5128214\" data-element_type=\"column\">\n\t\t\t<div class=\"elementor-widget-wrap elementor-element-populated\">\n\t\t\t\t\t\t<div class=\"elementor-element elementor-element-f99358c elementor-widget elementor-widget-image\" data-id=\"f99358c\" data-element_type=\"widget\" data-widget_type=\"image.default\">\n\t\t\t\t<div class=\"elementor-widget-container\">\n\t\t\t\t\t\t\t\t\t\t\t\t\t\t\t<img loading=\"lazy\" decoding=\"async\" width=\"667\" height=\"500\" src=\"https:\/\/retreatsvalencia.com\/wp-content\/uploads\/2023\/08\/Retreats-Vortex-Getaway-1.webp\" class=\"attachment-large size-large wp-image-146\" alt=\"\" srcset=\"https:\/\/retreatsvalencia.com\/wp-content\/uploads\/2023\/08\/Retreats-Vortex-Getaway-1.webp 667w, https:\/\/retreatsvalencia.com\/wp-content\/uploads\/2023\/08\/Retreats-Vortex-Getaway-1-300x225.webp 300w, https:\/\/retreatsvalencia.com\/wp-content\/uploads\/2023\/08\/Retreats-Vortex-Getaway-1-450x337.webp 450w\" sizes=\"(max-width: 667px) 100vw, 667px\" \/>\t\t\t\t\t\t\t\t\t\t\t\t\t\t\t<\/div>\n\t\t\t\t<\/div>\n\t\t\t\t\t<\/div>\n\t\t<\/div>\n\t\t\t\t<div class=\"elementor-column elementor-col-33 elementor-inner-column elementor-element elementor-element-b5be923\" data-id=\"b5be923\" data-element_type=\"column\">\n\t\t\t<div class=\"elementor-widget-wrap elementor-element-populated\">\n\t\t\t\t\t\t<div class=\"elementor-element elementor-element-018ef49 elementor-widget elementor-widget-image\" data-id=\"018ef49\" data-element_type=\"widget\" data-widget_type=\"image.default\">\n\t\t\t\t<div class=\"elementor-widget-container\">\n\t\t\t\t\t\t\t\t\t\t\t\t\t\t\t<img loading=\"lazy\" decoding=\"async\" width=\"667\" height=\"500\" src=\"https:\/\/retreatsvalencia.com\/wp-content\/uploads\/2023\/08\/Alcati-Vortex-Coworking-1.webp\" class=\"attachment-large size-large wp-image-153\" alt=\"\" srcset=\"https:\/\/retreatsvalencia.com\/wp-content\/uploads\/2023\/08\/Alcati-Vortex-Coworking-1.webp 667w, https:\/\/retreatsvalencia.com\/wp-content\/uploads\/2023\/08\/Alcati-Vortex-Coworking-1-300x225.webp 300w, https:\/\/retreatsvalencia.com\/wp-content\/uploads\/2023\/08\/Alcati-Vortex-Coworking-1-450x337.webp 450w\" sizes=\"(max-width: 667px) 100vw, 667px\" \/>\t\t\t\t\t\t\t\t\t\t\t\t\t\t\t<\/div>\n\t\t\t\t<\/div>\n\t\t\t\t\t<\/div>\n\t\t<\/div>\n\t\t\t\t<div class=\"elementor-column elementor-col-33 elementor-inner-column elementor-element elementor-element-44492be\" data-id=\"44492be\" data-element_type=\"column\">\n\t\t\t<div class=\"elementor-widget-wrap elementor-element-populated\">\n\t\t\t\t\t\t<div class=\"elementor-element elementor-element-92f3f5a elementor-widget elementor-widget-image\" data-id=\"92f3f5a\" data-element_type=\"widget\" data-widget_type=\"image.default\">\n\t\t\t\t<div class=\"elementor-widget-container\">\n\t\t\t\t\t\t\t\t\t\t\t\t\t\t\t<img loading=\"lazy\" decoding=\"async\" width=\"667\" height=\"500\" src=\"https:\/\/retreatsvalencia.com\/wp-content\/uploads\/2023\/08\/Workshop-Vortex-Centro-1.webp\" class=\"attachment-large size-large wp-image-157\" alt=\"\" srcset=\"https:\/\/retreatsvalencia.com\/wp-content\/uploads\/2023\/08\/Workshop-Vortex-Centro-1.webp 667w, https:\/\/retreatsvalencia.com\/wp-content\/uploads\/2023\/08\/Workshop-Vortex-Centro-1-300x225.webp 300w, https:\/\/retreatsvalencia.com\/wp-content\/uploads\/2023\/08\/Workshop-Vortex-Centro-1-450x337.webp 450w\" sizes=\"(max-width: 667px) 100vw, 667px\" \/>\t\t\t\t\t\t\t\t\t\t\t\t\t\t\t<\/div>\n\t\t\t\t<\/div>\n\t\t\t\t\t<\/div>\n\t\t<\/div>\n\t\t\t\t\t<\/div>\n\t\t<\/section>\n\t\t\t\t<div class=\"elementor-element elementor-element-abc3298 elementor-align-center elementor-icon-list--layout-traditional elementor-list-item-link-full_width elementor-widget elementor-widget-icon-list\" data-id=\"abc3298\" data-element_type=\"widget\" data-widget_type=\"icon-list.default\">\n\t\t\t\t<div class=\"elementor-widget-container\">\n\t\t\t\t\t\t\t<ul class=\"elementor-icon-list-items\">\n\t\t\t\t\t\t\t<li class=\"elementor-icon-list-item\">\n\t\t\t\t\t\t\t\t\t\t\t<span class=\"elementor-icon-list-icon\">\n\t\t\t\t\t\t\t<i aria-hidden=\"true\" class=\"fas fa-check\"><\/i>\t\t\t\t\t\t<\/span>\n\t\t\t\t\t\t\t\t\t\t<span class=\"elementor-icon-list-text\">Combinaci\u00f3n equilibrada de actividades al aire libre y de interior que proporcionan una experiencia de trabajo y juego.<\/span>\n\t\t\t\t\t\t\t\t\t<\/li>\n\t\t\t\t\t\t\t\t<li class=\"elementor-icon-list-item\">\n\t\t\t\t\t\t\t\t\t\t\t<span class=\"elementor-icon-list-icon\">\n\t\t\t\t\t\t\t<i aria-hidden=\"true\" class=\"fas fa-check\"><\/i>\t\t\t\t\t\t<\/span>\n\t\t\t\t\t\t\t\t\t\t<span class=\"elementor-icon-list-text\">Tama\u00f1o \u00f3ptimo: de 10 a 20 empleados. \u00bfM\u00e1s? \u00bfMenos? Podemos adaptarnos.<\/span>\n\t\t\t\t\t\t\t\t\t<\/li>\n\t\t\t\t\t\t\t\t<li class=\"elementor-icon-list-item\">\n\t\t\t\t\t\t\t\t\t\t\t<span class=\"elementor-icon-list-icon\">\n\t\t\t\t\t\t\t<i aria-hidden=\"true\" class=\"fas fa-check\"><\/i>\t\t\t\t\t\t<\/span>\n\t\t\t\t\t\t\t\t\t\t<span class=\"elementor-icon-list-text\">Experiencias significativas, \u00fanicas y fuera de lo com\u00fan<\/span>\n\t\t\t\t\t\t\t\t\t<\/li>\n\t\t\t\t\t\t\t\t<li class=\"elementor-icon-list-item\">\n\t\t\t\t\t\t\t\t\t\t\t<span class=\"elementor-icon-list-icon\">\n\t\t\t\t\t\t\t<i aria-hidden=\"true\" class=\"fas fa-check\"><\/i>\t\t\t\t\t\t<\/span>\n\t\t\t\t\t\t\t\t\t\t<span class=\"elementor-icon-list-text\">Dise\u00f1o ad hoc en funci\u00f3n de los resultados que buscamos<\/span>\n\t\t\t\t\t\t\t\t\t<\/li>\n\t\t\t\t\t\t\t\t<li class=\"elementor-icon-list-item\">\n\t\t\t\t\t\t\t\t\t\t\t<span class=\"elementor-icon-list-icon\">\n\t\t\t\t\t\t\t<i aria-hidden=\"true\" class=\"fas fa-check\"><\/i>\t\t\t\t\t\t<\/span>\n\t\t\t\t\t\t\t\t\t\t<span class=\"elementor-icon-list-text\">Para equipos, departamentos o toda la empresa<\/span>\n\t\t\t\t\t\t\t\t\t<\/li>\n\t\t\t\t\t\t\t\t<li class=\"elementor-icon-list-item\">\n\t\t\t\t\t\t\t\t\t\t\t<span class=\"elementor-icon-list-icon\">\n\t\t\t\t\t\t\t<i aria-hidden=\"true\" class=\"fas fa-check\"><\/i>\t\t\t\t\t\t<\/span>\n\t\t\t\t\t\t\t\t\t\t<span class=\"elementor-icon-list-text\">\u00bfPiensa en algo audaz? Preg\u00fantenos.<\/span>\n\t\t\t\t\t\t\t\t\t<\/li>\n\t\t\t\t\t\t<\/ul>\n\t\t\t\t\t\t<\/div>\n\t\t\t\t<\/div>\n\t\t\t\t\t<\/div>\n\t\t<\/div>\n\t\t\t\t\t<\/div>\n\t\t<\/section>\n\t\t\t\t<section class=\"elementor-section elementor-top-section elementor-element elementor-element-d6be12d elementor-section-boxed elementor-section-height-default elementor-section-height-default\" data-id=\"d6be12d\" data-element_type=\"section\">\n\t\t\t\t\t\t<div class=\"elementor-container elementor-column-gap-default\">\n\t\t\t\t\t<div class=\"elementor-column elementor-col-100 elementor-top-column elementor-element elementor-element-2740e60\" data-id=\"2740e60\" data-element_type=\"column\">\n\t\t\t<div class=\"elementor-widget-wrap elementor-element-populated\">\n\t\t\t\t\t\t<div class=\"elementor-element elementor-element-0471dde elementor-widget elementor-widget-heading\" data-id=\"0471dde\" data-element_type=\"widget\" data-settings=\"{&quot;_animation_mobile&quot;:&quot;fadeIn&quot;}\" data-widget_type=\"heading.default\">\n\t\t\t\t<div class=\"elementor-widget-container\">\n\t\t\t\t\t<h2 class=\"elementor-heading-title elementor-size-default\">Por qu\u00e9 Valencia como destino de un <i>Workation<\/i><\/h2>\t\t\t\t<\/div>\n\t\t\t\t<\/div>\n\t\t\t\t<section class=\"elementor-section elementor-inner-section elementor-element elementor-element-7b32b0b elementor-section-boxed elementor-section-height-default elementor-section-height-default\" data-id=\"7b32b0b\" data-element_type=\"section\">\n\t\t\t\t\t\t<div class=\"elementor-container elementor-column-gap-default\">\n\t\t\t\t\t<div class=\"elementor-column elementor-col-33 elementor-inner-column elementor-element elementor-element-08a8b6e\" data-id=\"08a8b6e\" data-element_type=\"column\">\n\t\t\t<div class=\"elementor-widget-wrap elementor-element-populated\">\n\t\t\t\t\t\t<div class=\"elementor-element elementor-element-af4873b elementor-widget elementor-widget-image\" data-id=\"af4873b\" data-element_type=\"widget\" data-widget_type=\"image.default\">\n\t\t\t\t<div class=\"elementor-widget-container\">\n\t\t\t\t\t\t\t\t\t\t\t\t\t\t\t<img loading=\"lazy\" decoding=\"async\" width=\"667\" height=\"500\" src=\"https:\/\/retreatsvalencia.com\/wp-content\/uploads\/2023\/08\/Playa-de-Valencia-Retreats-Valencia.webp\" class=\"attachment-large size-large wp-image-158\" alt=\"\" srcset=\"https:\/\/retreatsvalencia.com\/wp-content\/uploads\/2023\/08\/Playa-de-Valencia-Retreats-Valencia.webp 667w, https:\/\/retreatsvalencia.com\/wp-content\/uploads\/2023\/08\/Playa-de-Valencia-Retreats-Valencia-300x225.webp 300w, https:\/\/retreatsvalencia.com\/wp-content\/uploads\/2023\/08\/Playa-de-Valencia-Retreats-Valencia-450x337.webp 450w\" sizes=\"(max-width: 667px) 100vw, 667px\" \/>\t\t\t\t\t\t\t\t\t\t\t\t\t\t\t<\/div>\n\t\t\t\t<\/div>\n\t\t\t\t\t<\/div>\n\t\t<\/div>\n\t\t\t\t<div class=\"elementor-column elementor-col-33 elementor-inner-column elementor-element elementor-element-76bb93a\" data-id=\"76bb93a\" data-element_type=\"column\">\n\t\t\t<div class=\"elementor-widget-wrap elementor-element-populated\">\n\t\t\t\t\t\t<div class=\"elementor-element elementor-element-f02a085 elementor-widget elementor-widget-image\" data-id=\"f02a085\" data-element_type=\"widget\" data-widget_type=\"image.default\">\n\t\t\t\t<div class=\"elementor-widget-container\">\n\t\t\t\t\t\t\t\t\t\t\t\t\t\t\t<img loading=\"lazy\" decoding=\"async\" width=\"667\" height=\"500\" src=\"https:\/\/retreatsvalencia.com\/wp-content\/uploads\/2023\/08\/Rio-Turia-Valencia-Retreats.webp\" class=\"attachment-large size-large wp-image-159\" alt=\"\" srcset=\"https:\/\/retreatsvalencia.com\/wp-content\/uploads\/2023\/08\/Rio-Turia-Valencia-Retreats.webp 667w, https:\/\/retreatsvalencia.com\/wp-content\/uploads\/2023\/08\/Rio-Turia-Valencia-Retreats-300x225.webp 300w, https:\/\/retreatsvalencia.com\/wp-content\/uploads\/2023\/08\/Rio-Turia-Valencia-Retreats-450x337.webp 450w\" sizes=\"(max-width: 667px) 100vw, 667px\" \/>\t\t\t\t\t\t\t\t\t\t\t\t\t\t\t<\/div>\n\t\t\t\t<\/div>\n\t\t\t\t\t<\/div>\n\t\t<\/div>\n\t\t\t\t<div class=\"elementor-column elementor-col-33 elementor-inner-column elementor-element elementor-element-3ce9f97\" data-id=\"3ce9f97\" data-element_type=\"column\">\n\t\t\t<div class=\"elementor-widget-wrap elementor-element-populated\">\n\t\t\t\t\t\t<div class=\"elementor-element elementor-element-67ea9f5 elementor-widget elementor-widget-image\" data-id=\"67ea9f5\" data-element_type=\"widget\" data-widget_type=\"image.default\">\n\t\t\t\t<div class=\"elementor-widget-container\">\n\t\t\t\t\t\t\t\t\t\t\t\t\t\t\t<img loading=\"lazy\" decoding=\"async\" width=\"667\" height=\"500\" src=\"https:\/\/retreatsvalencia.com\/wp-content\/uploads\/2023\/09\/Ciudad-de-las-Artes-y-las-Ciencias-Valencia-Retrats.png.webp\" class=\"attachment-large size-large wp-image-610\" alt=\"\" srcset=\"https:\/\/retreatsvalencia.com\/wp-content\/uploads\/2023\/09\/Ciudad-de-las-Artes-y-las-Ciencias-Valencia-Retrats.png.webp 667w, https:\/\/retreatsvalencia.com\/wp-content\/uploads\/2023\/09\/Ciudad-de-las-Artes-y-las-Ciencias-Valencia-Retrats.png-300x225.webp 300w, https:\/\/retreatsvalencia.com\/wp-content\/uploads\/2023\/09\/Ciudad-de-las-Artes-y-las-Ciencias-Valencia-Retrats.png-450x337.webp 450w\" sizes=\"(max-width: 667px) 100vw, 667px\" \/>\t\t\t\t\t\t\t\t\t\t\t\t\t\t\t<\/div>\n\t\t\t\t<\/div>\n\t\t\t\t\t<\/div>\n\t\t<\/div>\n\t\t\t\t\t<\/div>\n\t\t<\/section>\n\t\t\t\t<div class=\"elementor-element elementor-element-5378e0d elementor-align-center elementor-icon-list--layout-traditional elementor-list-item-link-full_width elementor-widget elementor-widget-icon-list\" data-id=\"5378e0d\" data-element_type=\"widget\" data-widget_type=\"icon-list.default\">\n\t\t\t\t<div class=\"elementor-widget-container\">\n\t\t\t\t\t\t\t<ul class=\"elementor-icon-list-items\">\n\t\t\t\t\t\t\t<li class=\"elementor-icon-list-item\">\n\t\t\t\t\t\t\t\t\t\t\t<span class=\"elementor-icon-list-icon\">\n\t\t\t\t\t\t\t<i aria-hidden=\"true\" class=\"fas fa-check\"><\/i>\t\t\t\t\t\t<\/span>\n\t\t\t\t\t\t\t\t\t\t<span class=\"elementor-icon-list-text\">M\u00e1s de 300 d\u00edas soleados al a\u00f1o que ofrecen m\u00faltiples opciones para actividades al aire libre<\/span>\n\t\t\t\t\t\t\t\t\t<\/li>\n\t\t\t\t\t\t\t\t<li class=\"elementor-icon-list-item\">\n\t\t\t\t\t\t\t\t\t\t\t<span class=\"elementor-icon-list-icon\">\n\t\t\t\t\t\t\t<i aria-hidden=\"true\" class=\"fas fa-check\"><\/i>\t\t\t\t\t\t<\/span>\n\t\t\t\t\t\t\t\t\t\t<span class=\"elementor-icon-list-text\">Playa, zonas verdes, historia, arquitectura, cultura, gastronom\u00eda, \u00a1incluso vi\u00f1edos!<\/span>\n\t\t\t\t\t\t\t\t\t<\/li>\n\t\t\t\t\t\t\t\t<li class=\"elementor-icon-list-item\">\n\t\t\t\t\t\t\t\t\t\t\t<span class=\"elementor-icon-list-icon\">\n\t\t\t\t\t\t\t<i aria-hidden=\"true\" class=\"fas fa-check\"><\/i>\t\t\t\t\t\t<\/span>\n\t\t\t\t\t\t\t\t\t\t<span class=\"elementor-icon-list-text\">Combinaci\u00f3n perfecta entre oportunidades profesionales y calidad de vida<\/span>\n\t\t\t\t\t\t\t\t\t<\/li>\n\t\t\t\t\t\t\t\t<li class=\"elementor-icon-list-item\">\n\t\t\t\t\t\t\t\t\t\t\t<span class=\"elementor-icon-list-icon\">\n\t\t\t\t\t\t\t<i aria-hidden=\"true\" class=\"fas fa-check\"><\/i>\t\t\t\t\t\t<\/span>\n\t\t\t\t\t\t\t\t\t\t<span class=\"elementor-icon-list-text\">Ecosistema empresarial consolidado<\/span>\n\t\t\t\t\t\t\t\t\t<\/li>\n\t\t\t\t\t\t\t\t<li class=\"elementor-icon-list-item\">\n\t\t\t\t\t\t\t\t\t\t\t<span class=\"elementor-icon-list-icon\">\n\t\t\t\t\t\t\t<i aria-hidden=\"true\" class=\"fas fa-check\"><\/i>\t\t\t\t\t\t<\/span>\n\t\t\t\t\t\t\t\t\t\t<span class=\"elementor-icon-list-text\">Recorra la ciudad en bicicleta en 15 minutos<\/span>\n\t\t\t\t\t\t\t\t\t<\/li>\n\t\t\t\t\t\t<\/ul>\n\t\t\t\t\t\t<\/div>\n\t\t\t\t<\/div>\n\t\t\t\t\t<\/div>\n\t\t<\/div>\n\t\t\t\t\t<\/div>\n\t\t<\/section>\n\t\t\t\t<section class=\"elementor-section elementor-top-section elementor-element elementor-element-20e82fd elementor-section-boxed elementor-section-height-default elementor-section-height-default\" data-id=\"20e82fd\" data-element_type=\"section\">\n\t\t\t\t\t\t<div class=\"elementor-container elementor-column-gap-default\">\n\t\t\t\t\t<div class=\"elementor-column elementor-col-100 elementor-top-column elementor-element elementor-element-4a3b8ff\" data-id=\"4a3b8ff\" data-element_type=\"column\">\n\t\t\t<div class=\"elementor-widget-wrap elementor-element-populated\">\n\t\t\t\t\t\t<div class=\"elementor-element elementor-element-4512ae5 elementor-widget elementor-widget-heading\" data-id=\"4512ae5\" data-element_type=\"widget\" data-settings=\"{&quot;_animation_mobile&quot;:&quot;fadeIn&quot;}\" data-widget_type=\"heading.default\">\n\t\t\t\t<div class=\"elementor-widget-container\">\n\t\t\t\t\t<h2 class=\"elementor-heading-title elementor-size-default\">Haga que su experiencia sea \u00fanica <i>Con nosotros<\/i><\/h2>\t\t\t\t<\/div>\n\t\t\t\t<\/div>\n\t\t\t\t<div class=\"elementor-element elementor-element-0107196 elementor-align-center elementor-widget elementor-widget-button\" data-id=\"0107196\" data-element_type=\"widget\" data-widget_type=\"button.default\">\n\t\t\t\t<div class=\"elementor-widget-container\">\n\t\t\t\t\t\t\t\t\t<div class=\"elementor-button-wrapper\">\n\t\t\t\t\t<a class=\"elementor-button elementor-button-link elementor-size-sm\" href=\"https:\/\/vortexcoworking.es\/formulario-retreats\/\" target=\"_blank\">\n\t\t\t\t\t\t<span class=\"elementor-button-content-wrapper\">\n\t\t\t\t\t\t\t\t\t<span class=\"elementor-button-text\">Solicitar presupuesto<\/span>\n\t\t\t\t\t<\/span>\n\t\t\t\t\t<\/a>\n\t\t\t\t<\/div>\n\t\t\t\t\t\t\t\t<\/div>\n\t\t\t\t<\/div>\n\t\t\t\t\t<\/div>\n\t\t<\/div>\n\t\t\t\t\t<\/div>\n\t\t<\/section>\n\t\t\t\t<section class=\"elementor-section elementor-top-section elementor-element elementor-element-750b53d elementor-section-boxed elementor-section-height-default elementor-section-height-default\" data-id=\"750b53d\" data-element_type=\"section\">\n\t\t\t\t\t\t<div class=\"elementor-container elementor-column-gap-default\">\n\t\t\t\t\t<div class=\"elementor-column elementor-col-100 elementor-top-column elementor-element elementor-element-50d2530\" data-id=\"50d2530\" data-element_type=\"column\">\n\t\t\t<div class=\"elementor-widget-wrap elementor-element-populated\">\n\t\t\t\t\t\t<div class=\"elementor-element elementor-element-f74192f elementor-widget elementor-widget-heading\" data-id=\"f74192f\" data-element_type=\"widget\" data-settings=\"{&quot;_animation_mobile&quot;:&quot;fadeIn&quot;}\" data-widget_type=\"heading.default\">\n\t\t\t\t<div class=\"elementor-widget-container\">\n\t\t\t\t\t<h2 class=\"elementor-heading-title elementor-size-default\">Compra aqu\u00ed tu pase de un d\u00eda para nuestros coworkings  <\/h2>\t\t\t\t<\/div>\n\t\t\t\t<\/div>\n\t\t\t\t\t<\/div>\n\t\t<\/div>\n\t\t\t\t\t<\/div>\n\t\t<\/section>\n\t\t\t\t<section class=\"elementor-section elementor-top-section elementor-element elementor-element-829d36d elementor-section-boxed elementor-section-height-default elementor-section-height-default\" data-id=\"829d36d\" data-element_type=\"section\">\n\t\t\t\t\t\t<div class=\"elementor-container elementor-column-gap-default\">\n\t\t\t\t\t<div class=\"elementor-column elementor-col-100 elementor-top-column elementor-element elementor-element-115b960\" data-id=\"115b960\" data-element_type=\"column\">\n\t\t\t<div class=\"elementor-widget-wrap\">\n\t\t\t\t\t\t\t<\/div>\n\t\t<\/div>\n\t\t\t\t\t<\/div>\n\t\t<\/section>\n\t\t\t\t<\/div>\n\t\t","protected":false},"excerpt":{"rendered":"<p>Retiros en ValenciaSolicitar presupuesto Experiencias profesionales fuera del entorno laboral para reforzar los v\u00ednculos entre empleados, equipos y con la cultura de la empresa. Experiencias Work &amp; Play pensadas y dise\u00f1adas con mimo y detalle, en lugares y entornos inspiradores que dejar\u00e1n un recuerdo imborrable en el equipo. Experiencias de creaci\u00f3n de equipos que proporcionan &#8230; <a title=\"Inicio &#8211; English\" class=\"read-more\" href=\"https:\/\/retreatsvalencia.com\/es\/inicio-english\/\" aria-label=\"M\u00e1s en Inicio &#8211; English\">Leer m\u00e1s<\/a><\/p>\n","protected":false},"author":4,"featured_media":0,"parent":0,"menu_order":0,"comment_status":"closed","ping_status":"closed","template":"elementor_header_footer","meta":{"footnotes":""},"class_list":["post-1047","page","type-page","status-publish"],"yoast_head":"<!-- This site is optimized with the Yoast SEO plugin v21.3 - https:\/\/yoast.com\/wordpress\/plugins\/seo\/ -->\n<title>Retreats Valencia - Experiencias Work &amp; Play en Valencia<\/title>\n<meta name=\"description\" content=\"Experiencias profesionales fuera del entorno laboral para reforzar los v\u00ednculos entre empleados, equipos y con la cultura de la empresa.\" \/>\n<meta name=\"robots\" content=\"index, follow, max-snippet:-1, max-image-preview:large, max-video-preview:-1\" \/>\n<link rel=\"canonical\" href=\"https:\/\/retreatsvalencia.com\/es\/inicio-english\/\" \/>\n<meta property=\"og:locale\" content=\"es_ES\" \/>\n<meta property=\"og:type\" content=\"article\" \/>\n<meta property=\"og:title\" content=\"Retreats Valencia - Experiencias Work &amp; Play en Valencia\" \/>\n<meta property=\"og:description\" content=\"Experiencias profesionales fuera del entorno laboral para reforzar los v\u00ednculos entre empleados, equipos y con la cultura de la empresa.\" \/>\n<meta property=\"og:url\" content=\"https:\/\/retreatsvalencia.com\/es\/inicio-english\/\" \/>\n<meta property=\"og:site_name\" content=\"Retreats Valencia\" \/>\n<meta property=\"article:publisher\" content=\"https:\/\/www.facebook.com\/vortexcoworking\" \/>\n<meta property=\"article:modified_time\" content=\"2023-10-11T12:35:46+00:00\" \/>\n<meta property=\"og:image\" content=\"https:\/\/retreatsvalencia.com\/wp-content\/uploads\/2023\/08\/1.webp\" \/>\n<meta name=\"twitter:card\" content=\"summary_large_image\" \/>\n<meta name=\"twitter:label1\" content=\"Tiempo de lectura\" \/>\n\t<meta name=\"twitter:data1\" content=\"3 minutos\" \/>\n<script type=\"application\/ld+json\" class=\"yoast-schema-graph\">{\"@context\":\"https:\/\/schema.org\",\"@graph\":[{\"@type\":\"WebPage\",\"@id\":\"https:\/\/retreatsvalencia.com\/es\/inicio-english\/\",\"url\":\"https:\/\/retreatsvalencia.com\/es\/inicio-english\/\",\"name\":\"Retreats Valencia - Experiencias Work & Play en Valencia\",\"isPartOf\":{\"@id\":\"https:\/\/retreatsvalencia.com\/es\/#website\"},\"datePublished\":\"2023-08-29T08:15:49+00:00\",\"dateModified\":\"2023-10-11T12:35:46+00:00\",\"description\":\"Experiencias profesionales fuera del entorno laboral para reforzar los v\u00ednculos entre empleados, equipos y con la cultura de la empresa.\",\"breadcrumb\":{\"@id\":\"https:\/\/retreatsvalencia.com\/es\/inicio-english\/#breadcrumb\"},\"inLanguage\":\"es\",\"potentialAction\":[{\"@type\":\"ReadAction\",\"target\":[\"https:\/\/retreatsvalencia.com\/es\/inicio-english\/\"]}]},{\"@type\":\"BreadcrumbList\",\"@id\":\"https:\/\/retreatsvalencia.com\/es\/inicio-english\/#breadcrumb\",\"itemListElement\":[{\"@type\":\"ListItem\",\"position\":1,\"name\":\"Portada\",\"item\":\"https:\/\/retreatsvalencia.com\/es\/\"},{\"@type\":\"ListItem\",\"position\":2,\"name\":\"Inicio &#8211; English\"}]},{\"@type\":\"WebSite\",\"@id\":\"https:\/\/retreatsvalencia.com\/es\/#website\",\"url\":\"https:\/\/retreatsvalencia.com\/es\/\",\"name\":\"Retreats Valencia\",\"description\":\"Proffesional retreats in Valencia\",\"publisher\":{\"@id\":\"https:\/\/retreatsvalencia.com\/es\/#organization\"},\"potentialAction\":[{\"@type\":\"SearchAction\",\"target\":{\"@type\":\"EntryPoint\",\"urlTemplate\":\"https:\/\/retreatsvalencia.com\/es\/?s={search_term_string}\"},\"query-input\":\"required name=search_term_string\"}],\"inLanguage\":\"es\"},{\"@type\":\"Organization\",\"@id\":\"https:\/\/retreatsvalencia.com\/es\/#organization\",\"name\":\"Retreats Valencia\",\"url\":\"https:\/\/retreatsvalencia.com\/es\/\",\"logo\":{\"@type\":\"ImageObject\",\"inLanguage\":\"es\",\"@id\":\"https:\/\/retreatsvalencia.com\/es\/#\/schema\/logo\/image\/\",\"url\":\"https:\/\/retreatsvalencia.com\/wp-content\/uploads\/2023\/09\/cropped-logo-transparente-negro-vortex.webp\",\"contentUrl\":\"https:\/\/retreatsvalencia.com\/wp-content\/uploads\/2023\/09\/cropped-logo-transparente-negro-vortex.webp\",\"width\":591,\"height\":119,\"caption\":\"Retreats Valencia\"},\"image\":{\"@id\":\"https:\/\/retreatsvalencia.com\/es\/#\/schema\/logo\/image\/\"},\"sameAs\":[\"https:\/\/www.facebook.com\/vortexcoworking\",\"https:\/\/www.instagram.com\/vortexcoworking\/\",\"https:\/\/www.youtube.com\/channel\/UCZP-swQ-vNAxRSGFFw8dgtQ\"]}]}<\/script>\n<!-- \/ Yoast SEO plugin. -->","yoast_head_json":{"title":"Retreats Valencia - Experiencias Work & Play en Valencia","description":"Experiencias profesionales fuera del entorno laboral para reforzar los v\u00ednculos entre empleados, equipos y con la cultura de la empresa.","robots":{"index":"index","follow":"follow","max-snippet":"max-snippet:-1","max-image-preview":"max-image-preview:large","max-video-preview":"max-video-preview:-1"},"canonical":"https:\/\/retreatsvalencia.com\/es\/inicio-english\/","og_locale":"es_ES","og_type":"article","og_title":"Retreats Valencia - Experiencias Work & Play en Valencia","og_description":"Experiencias profesionales fuera del entorno laboral para reforzar los v\u00ednculos entre empleados, equipos y con la cultura de la empresa.","og_url":"https:\/\/retreatsvalencia.com\/es\/inicio-english\/","og_site_name":"Retreats Valencia","article_publisher":"https:\/\/www.facebook.com\/vortexcoworking","article_modified_time":"2023-10-11T12:35:46+00:00","og_image":[{"url":"https:\/\/retreatsvalencia.com\/wp-content\/uploads\/2023\/08\/1.webp"}],"twitter_card":"summary_large_image","twitter_misc":{"Tiempo de lectura":"3 minutos"},"schema":{"@context":"https:\/\/schema.org","@graph":[{"@type":"WebPage","@id":"https:\/\/retreatsvalencia.com\/es\/inicio-english\/","url":"https:\/\/retreatsvalencia.com\/es\/inicio-english\/","name":"Retreats Valencia - Experiencias Work & Play en Valencia","isPartOf":{"@id":"https:\/\/retreatsvalencia.com\/es\/#website"},"datePublished":"2023-08-29T08:15:49+00:00","dateModified":"2023-10-11T12:35:46+00:00","description":"Experiencias profesionales fuera del entorno laboral para reforzar los v\u00ednculos entre empleados, equipos y con la cultura de la empresa.","breadcrumb":{"@id":"https:\/\/retreatsvalencia.com\/es\/inicio-english\/#breadcrumb"},"inLanguage":"es","potentialAction":[{"@type":"ReadAction","target":["https:\/\/retreatsvalencia.com\/es\/inicio-english\/"]}]},{"@type":"BreadcrumbList","@id":"https:\/\/retreatsvalencia.com\/es\/inicio-english\/#breadcrumb","itemListElement":[{"@type":"ListItem","position":1,"name":"Portada","item":"https:\/\/retreatsvalencia.com\/es\/"},{"@type":"ListItem","position":2,"name":"Inicio &#8211; English"}]},{"@type":"WebSite","@id":"https:\/\/retreatsvalencia.com\/es\/#website","url":"https:\/\/retreatsvalencia.com\/es\/","name":"Retreats Valencia","description":"Proffesional retreats in Valencia","publisher":{"@id":"https:\/\/retreatsvalencia.com\/es\/#organization"},"potentialAction":[{"@type":"SearchAction","target":{"@type":"EntryPoint","urlTemplate":"https:\/\/retreatsvalencia.com\/es\/?s={search_term_string}"},"query-input":"required name=search_term_string"}],"inLanguage":"es"},{"@type":"Organization","@id":"https:\/\/retreatsvalencia.com\/es\/#organization","name":"Retreats Valencia","url":"https:\/\/retreatsvalencia.com\/es\/","logo":{"@type":"ImageObject","inLanguage":"es","@id":"https:\/\/retreatsvalencia.com\/es\/#\/schema\/logo\/image\/","url":"https:\/\/retreatsvalencia.com\/wp-content\/uploads\/2023\/09\/cropped-logo-transparente-negro-vortex.webp","contentUrl":"https:\/\/retreatsvalencia.com\/wp-content\/uploads\/2023\/09\/cropped-logo-transparente-negro-vortex.webp","width":591,"height":119,"caption":"Retreats Valencia"},"image":{"@id":"https:\/\/retreatsvalencia.com\/es\/#\/schema\/logo\/image\/"},"sameAs":["https:\/\/www.facebook.com\/vortexcoworking","https:\/\/www.instagram.com\/vortexcoworking\/","https:\/\/www.youtube.com\/channel\/UCZP-swQ-vNAxRSGFFw8dgtQ"]}]}},"_links":{"self":[{"href":"https:\/\/retreatsvalencia.com\/es\/wp-json\/wp\/v2\/pages\/1047","targetHints":{"allow":["GET"]}}],"collection":[{"href":"https:\/\/retreatsvalencia.com\/es\/wp-json\/wp\/v2\/pages"}],"about":[{"href":"https:\/\/retreatsvalencia.com\/es\/wp-json\/wp\/v2\/types\/page"}],"author":[{"embeddable":true,"href":"https:\/\/retreatsvalencia.com\/es\/wp-json\/wp\/v2\/users\/4"}],"replies":[{"embeddable":true,"href":"https:\/\/retreatsvalencia.com\/es\/wp-json\/wp\/v2\/comments?post=1047"}],"version-history":[{"count":2,"href":"https:\/\/retreatsvalencia.com\/es\/wp-json\/wp\/v2\/pages\/1047\/revisions"}],"predecessor-version":[{"id":1059,"href":"https:\/\/retreatsvalencia.com\/es\/wp-json\/wp\/v2\/pages\/1047\/revisions\/1059"}],"wp:attachment":[{"href":"https:\/\/retreatsvalencia.com\/es\/wp-json\/wp\/v2\/media?parent=1047"}],"curies":[{"name":"wp","href":"https:\/\/api.w.org\/{rel}","templated":true}]}}